{"id":7710,"date":"2020-10-13T06:59:15","date_gmt":"2020-10-13T06:59:15","guid":{"rendered":"https:\/\/cit.upc.edu\/?page_id=7710"},"modified":"2021-02-15T08:10:22","modified_gmt":"2021-02-15T08:10:22","slug":"politica-de-privacitat","status":"publish","type":"page","link":"https:\/\/cit.upc.edu\/ca\/politica-de-privacitat\/","title":{"rendered":"Pol\u00edtica de Privacitat"},"content":{"rendered":"\n<p>La confidencialitat i la seguretat s\u00f3n valors primordials de la&nbsp;Fundaci\u00f3 Centre d\u2019Innovaci\u00f3 i Tecnologia de la Universitat Polit\u00e8cnica de Catalunya&nbsp;&nbsp;(CIT UPC)&nbsp;i, en conseq\u00fc\u00e8ncia, assumim el comprom\u00eds de garantir la privacitat de les dades personals dels nostres clients en tot moment i de no recaptar informaci\u00f3 innecess\u00e0ria.<\/p>\n\n\n\n<p>A continuaci\u00f3, li proporcionem tota la informaci\u00f3 necess\u00e0ria sobre la nostra Pol\u00edtica de Privacitat en relaci\u00f3 amb les dades personals que recaptem, explicant:<\/p>\n\n\n\n<ul class=\"wp-block-list\"><li>Qui \u00e9s el responsable del tractament de les seves dades.<\/li><li>Per quines finalitats demanem les dades que li demanem.<\/li><li>Quina \u00e9s la legitimaci\u00f3 per al seu tractament.<\/li><li>Durant quant de temps els conservem.<\/li><li>A qu\u00e8 destinataris es comuniquen les seves dades.<\/li><li>Quins s\u00f3n els seus drets.<\/li><\/ul>\n\n\n\n<h3 class=\"wp-block-heading\">Qui \u00e9s el responsable del tractament de les dades personals?<\/h3>\n\n\n\n<p><strong>Ra\u00f3 social:&nbsp;<\/strong>Fundaci\u00f3 Centre d\u2019Innovaci\u00f3 i Tecnologia de la Universitat Polit\u00e8cnica de Catalunya (CIT UPC)<\/p>\n\n\n\n<p><strong>NIF:<\/strong>&nbsp;G65497182<\/p>\n\n\n\n<p><strong>Adre\u00e7a:&nbsp;<\/strong>Edifici Omega (planta 0), C\/Jordi Girona, 1-3, 08034 Barcelona<\/p>\n\n\n\n<p><strong>Contacte:<\/strong>&nbsp;info.cit@upc.edu<\/p>\n\n\n\n<h3 class=\"wp-block-heading\">Qui s\u00f3n els col\u00b7lectius d&#8217;interessats?<\/h3>\n\n\n\n<p>Les dades de car\u00e0cter personal tractades s\u00f3n aquelles de:<\/p>\n\n\n\n<ul class=\"wp-block-list\"><li>Persones de que ens han proporcionat les seves dades en els diferents formularis de la web per fer consultes o obtenir informaci\u00f3 sobre els nostres serveis i activitats.<\/li><li>Persones que han sol\u00b7licitat rebre el butllet\u00ed amb&nbsp;&nbsp;comunicacions sobre novetats, serveis, i\/o promocions del CIT UPC<\/li><li>Persones que es volen enviar les seves candidatures a processos de selecci\u00f3 de personal publicats a la bossa de treball.<\/li><\/ul>\n\n\n\n<h3 class=\"wp-block-heading\">Amb quina finalitats i legitimitzaci\u00f3 utilitzem les dades personals?<\/h3>\n\n\n\n<p>Al CIT UPC tractem les dades personals per respondre a les demandes d\u2019informaci\u00f3 o respondre a les teves sol\u00b7licituds.<\/p>\n\n\n\n<p>Aquestes dades de car\u00e0cter personal seran tractades per a les finalitats leg\u00edtimes que s&#8217;indiquen a continuaci\u00f3.<\/p>\n\n\n\n<ul class=\"wp-block-list\"><li><strong>Resposta a sol\u00b7licituds d\u2019informaci\u00f3 o de contacte<\/strong><br>Al CIT UPC utilitzarem les dades de contacte proporcionades per respondre a les seves sol\u00b7licituds i consultes respecte els nostres productes i serveis, ja siguin realitzades mitjan\u00e7ant el formulari disponible a la web o dirigides a les adreces de correu electr\u00f2nic de contacte que hi ha publicades.<br><strong>Legitimitat:<\/strong><ul><li>Inter\u00e8s leg\u00edtim del CIT UPC per a aquest tractament de dades&nbsp;tenint en compte les expectatives raonables dels interessats a rebre una resposta a les seves peticions<strong>.<\/strong><\/li><\/ul><ul><li>Consentiment donat lliurement per l&#8217;interessat qui envia les seves dades mitjan\u00e7ant el formulari proporcionat espec\u00edficament per a aquest prop\u00f2sit.<\/li><\/ul><\/li><li><strong>Enviament de comunicacions per qualsevol canal, incl\u00f2s per via electr\u00f2nica<\/strong><br>El CIT UPC tractar\u00e0 les dades de contacte proporcionades per a informar i assessorar a aquells interessats que expressament ens ho hagin sol\u00b7licitat. Aix\u00ed, el CIT UPC tractar\u00e0 les dades personals dels interessats per a realitzar l&#8217;enviament de butlletins informatius sobre esdeveniments, activitats, novetats, noticies i promocions que pugui ser del seu inter\u00e8s i relacionades amb l\u2019activitat del CIT&nbsp;UPC.<br><strong>Legitimitat:<\/strong><ul><li>Consentiment espec\u00edfic que es sol\u00b7licita a l&#8217;interessat en els formularis de la web, sense que en cap cas l\u2019exist\u00e8ncia d\u2019aquest consentiment condicioni la prestaci\u00f3 de la finalitat principal del formulari.<\/li><\/ul><ul><li>Consentiment que es dona de forma expressa en el cas de l\u2019enviament de dades a trav\u00e9s del formulari espec\u00edfic on els usuaris poden sol\u00b7licitat la recepci\u00f3 de butlletins.<\/li><\/ul><\/li><li><strong>Enviament de candidatures a processos de selecci\u00f3 oberts<\/strong><br>Es tractaran les dades personals de les persones que volen presentar la seva candidatura als processos de selecci\u00f3 oberts pel CIT UPC amb la finalitat de validar les candidatures a les posicions a les que apliquen.<br><strong>Legitimitat:<\/strong><ul><li>Inter\u00e8s leg\u00edtim del CIT UPC per gestionar les candidatures als processos de selecci\u00f3 oberts i&nbsp;tenint en compte les expectatives raonables dels interessats a participar en aquests processos<strong>.<\/strong><\/li><\/ul><ul><li>Tractament necessari per a l&#8217;execuci\u00f3 d&#8217;un contracte en el qual l&#8217;interessat \u00e9s part o per a l&#8217;aplicaci\u00f3 a petici\u00f3 d&#8217;aquest de mesures precontractuals.<\/li><\/ul><ul><li>Consentiment expressat pels interessats al proporcionar les seves dades mitjan\u00e7ant el formulari espec\u00edfic per a aquesta finalitat o enviades a l\u2019adre\u00e7a de correu indicada.<\/li><\/ul><\/li><\/ul>\n\n\n\n<p>A m\u00e9s de l&#8217;anterior, el CIT UPC podr\u00e0 dur a terme altres tractaments de les dades personals. En aquest cas l&#8217;interessat rebr\u00e0 la informaci\u00f3 necess\u00e0ria en relaci\u00f3 a aquests tractaments i el CIT UPC sol\u00b7licitar\u00e0 el seu consentiment si aix\u00ed resulta necessari.<\/p>\n\n\n\n<h3 class=\"wp-block-heading\">Durant quant de temps conservarem les dades?<\/h3>\n\n\n\n<p>En general, les dades es conservaran durant el temps que sigui necessari per complir amb la finalitat per a la qual es van demanar i per a determinar les possibles responsabilitats que es puguin derivar d&#8217;aquesta finalitat i del tractament de les dades.<\/p>\n\n\n\n<p>Entre d&#8217;altres, implica que el CIT UPC conservar\u00e0 les dades personals dels interessats pel temps que duri la vinculaci\u00f3 amb nosaltres i, si s\u2019escau,&nbsp;&nbsp;durant el per\u00edode que resulti necessari per a la formulaci\u00f3, l&#8217;exercici o la defensa de potencials reclamacions, o per complir amb les obligacions legals que determini la legislaci\u00f3 aplicable.<\/p>\n\n\n\n<p>En el cas de les dades dels candidats que ens envien les seves candidatures a processos de selecci\u00f3, les seves dades es mantindran un m\u00e0xim de&nbsp;1 any&nbsp;si no han estat admesos en cap proc\u00e9s de selecci\u00f3 durant aquest per\u00edode o l\u2019interessat no hagi donat el seu consentiment per a la seva conservaci\u00f3 per un per\u00edode m\u00e9s prolongat.<\/p>\n\n\n\n<p>Un cop finalitzat l&#8217;esmentat termini, el CIT UPC es compromet a cessar el tractament de totes les dades personals, destruir-les, bloquejar-les o anonimitzar-les en la mesura que sigui possible per a la finalitat per a la qual es conservessin.<\/p>\n\n\n\n<h3 class=\"wp-block-heading\">A qui es comunicaran les dades?<\/h3>\n\n\n\n<p>Les dades personals no es cediran a tercers, llevat que sigui necessari per donar resposta a la sol\u00b7licitud, estiguem obligas per una llei o l\u2019interessat ens hagis donat el seu consentiment.&nbsp;<\/p>\n\n\n\n<p>Tamb\u00e9 pot ser que comuniquem les dades a empreses que ens presten serveis relacionats amb l&#8217;activitat ordin\u00e0ria i administrativa de l&#8217;empresa en qualitat d&#8217;encarregats de tractament, nacionals o internacionals, en el marc de la prestaci\u00f3 de serveis com ara, entre d&#8217;altres, prove\u00efdors de serveis de correu electr\u00f2nic, allotjament de serveis web, allotjament de servidors, serveis d&#8217;aplicacions de gesti\u00f3 en modalitat SaaS, arxiu de fitxers en el n\u00favol i altres.<\/p>\n\n\n\n<p>La prestaci\u00f3 d&#8217;aquests serveis pot implicar el tractament de les dades personals per part d&#8217;empreses ubicades en pa\u00efsos fora de l&#8217;Espai Econ\u00f2mic Europeu (transfer\u00e8ncies internacionals de dades). Tanmateix, nom\u00e9s es realitza amb pa\u00efsos que ofereixen un nivell adequat de protecci\u00f3 o, en el cas d&#8217;entitats en els EUA, que estiguin acreditades en el marc de l&#8217;Escut de Privacitat UE-EUA. Decisi\u00f3 (UE) 2016\/1250 de la Comissi\u00f3, de 12 de juliol del 2016.<\/p>\n\n\n\n<h3 class=\"wp-block-heading\">Quins s\u00f3n els drets dels interessats quan ens faciliten les teves dades?<\/h3>\n\n\n\n<p>En qualsevol moment l\u2019interessat pot exercir els seus drets d&#8217;acc\u00e9s, rectificaci\u00f3, supressi\u00f3 i portabilitat de les dades personals tractades pel CIT UPC, aix\u00ed com els d&#8217;oposici\u00f3 i limitaci\u00f3 del seu tractament.<\/p>\n\n\n\n<p>Aquests drets podran ser exercits gratu\u00eftament per l&#8217;interessat, i si escau per qui el representi, mitjan\u00e7ant sol\u00b7licitud escrita i signada, acompanyada de c\u00f2pia del seu DNI o document equivalent que acrediti la seva identitat, adre\u00e7ada a<\/p>\n\n\n\n<ul class=\"wp-block-list\"><li>Per correu electr\u00f2nic:&nbsp;dpo.cit@upc.edu<\/li><li>Per correu postal:&nbsp;Edifici Omega (planta 0), C\/Jordi Girona, 1-3, 08034 Barcelona<\/li><\/ul>\n\n\n\n<p>En el cas de representaci\u00f3, s\u2019haur\u00e0 de provar mitjan\u00e7ant document escrit i adjuntant c\u00f2pia del DNI o document equivalent que acrediti la seva representaci\u00f3.<\/p>\n\n\n\n<p>A m\u00e9s dels anteriors drets, l&#8217;interessat tindr\u00e0 dret a&nbsp;<strong>retirar el consentiment atorgat<\/strong>&nbsp;en qualsevol moment mitjan\u00e7ant el procediment abans descrit, sense que aquesta retirada de consentiment afecti la licitud del tractament anterior a la retirada d&#8217;aquest. El CIT UPC podr\u00e0 continuar tractant les dades personals de l&#8217;interessat en la mesura que la llei aplicable ho permeti o persisteixi qualsevol altra legitimitzaci\u00f3 que ho justifiqui.<\/p>\n\n\n\n<p>Addicionalment, en el cas del servei de l&#8217;enviament de comunicacions comercials, l&#8217;interessat t\u00e9 dret a revocar en qualsevol moment el consentiment prestat per a l&#8217;enviament de butlletins de comunicacions notificant al CIT UPC que no desitja seguir rebent les mateixes. Per a aix\u00f2, l&#8217;interessat podr\u00e0 o b\u00e9 revocar el seu consentiment en la forma descrita en l&#8217;apartat anterior o b\u00e9 utilitzar l&#8217;enlla\u00e7 incl\u00f2s en cada comunicaci\u00f3 comercial per donar-se de baixa de la llista d&#8217;enviament de comunicacions comercials electr\u00f2niques.<\/p>\n\n\n\n<p>El CIT UPC recorda a l&#8217;interessat que t\u00e9 dret a presentar una reclamaci\u00f3 davant l&#8217;autoritat de control pertinent (Ag\u00e8ncia Espanyola de Protecci\u00f3 de Dades).<\/p>\n\n\n\n<h3 class=\"wp-block-heading\">Actualitzaci\u00f3 de les seves dades<\/h3>\n\n\n\n<p>\u00c9s important que per tal de que puguem mantenir les seves dades personals actualitzades, ens informi sempre que hagi hagut alguna modificaci\u00f3 en elles. En cas contrari, no responem de la veracitat de les mateixes i les implicacions que pugui tenir en el seu tractament.<\/p>\n\n\n\n<h3 class=\"wp-block-heading\">Seguretat en el tractament i cust\u00f2dia de dades<\/h3>\n\n\n\n<p>El CIT UPC declara&nbsp;que ha aplicat les mesures t\u00e8cniques i organitzatives apropiades per tal de garantir i poder demostrar que el tractament \u00e9s conforme amb la legislaci\u00f3 vigent i que es garanteix la protecci\u00f3 dels drets dels interessats.&nbsp;<\/p>\n\n\n\n<p>Per a aix\u00f2 ha implantat un Sistema de Gesti\u00f3 de la Protecci\u00f3 de Dades Personals per tal de determinar y aplicar els mitjans t\u00e8cnics i organitzatius al seu abast per evitar la p\u00e8rdua, mal \u00fas, alteraci\u00f3, acc\u00e9s no autoritzat i robatori de les dades facilitades pels usuaris, sense perjudici d&#8217;informar que les mesures de seguretat a Internet no s\u00f3n inexpugnables.<\/p>\n\n\n\n<h3 class=\"wp-block-heading\">\u00das de cookies (galetes)<\/h3>\n\n\n\n<p>Aquest lloc web, igual que la majoria dels llocs web a Internet, fa servir cookies per millorar l&#8217;experi\u00e8ncia de l&#8217;usuari. A la nostra&nbsp;<strong><u>Pol\u00edtica de Cookies<\/u><\/strong>&nbsp;trobareu informaci\u00f3 sobre qu\u00e8 s\u00f3n les cookies, quin tipus de cookies utilitza aquest portal, com pot desactivar les cookies en el seu navegador i com desactivar espec\u00edficament la instal\u00b7laci\u00f3 de cookies de tercers.<\/p>\n\n\n\n<p>Preguem llegeixi atentament la nostra&nbsp;<strong><u>Pol\u00edtica de Cookies<\/u><\/strong>&nbsp;abans de continuar navegant al nostre lloc web.<\/p>\n\n\n\n<h3 class=\"wp-block-heading\">Modificaci\u00f3 de la Pol\u00edtica de Privacitat<\/h3>\n\n\n\n<p>El CIT UPC pot modificar la seva Pol\u00edtica de Privacitat d&#8217;acord amb la legislaci\u00f3 aplicable en cada moment. En tot cas, qualsevol modificaci\u00f3 de la Pol\u00edtica de Privacitat li ser\u00e0 degudament notificada perqu\u00e8 quedi informat dels canvis realitzats en el tractament de les seves dades personals i, en cas que la normativa aplicable aix\u00ed ho exigeixi, l&#8217;interessat pugui confirmar el seu consentiment.<\/p>\n","protected":false},"excerpt":{"rendered":"<p>La confidencialitat i la seguretat s\u00f3n valors primordials de la&nbsp;Fundaci\u00f3 Centre d\u2019Innovaci\u00f3 i Tecnologia de la Universitat Polit\u00e8cnica de Catalunya&nbsp;&nbsp;(CIT UPC)&nbsp;i, en conseq\u00fc\u00e8ncia, assumim el comprom\u00eds<span class=\"excerpt-hellip\"> [\u2026]<\/span><\/p>\n","protected":false},"author":5,"featured_media":0,"parent":0,"menu_order":0,"comment_status":"closed","ping_status":"closed","template":"","meta":{"footnotes":""},"class_list":["post-7710","page","type-page","status-publish","hentry"],"yoast_head":"<!-- This site is optimized with the Yoast SEO plugin v27.4 - https:\/\/yoast.com\/product\/yoast-seo-wordpress\/ -->\n<title>CIT UPC - Pol\u00edtica de Privacitat<\/title>\n<meta name=\"robots\" content=\"index, follow, max-snippet:-1, max-image-preview:large, max-video-preview:-1\" \/>\n<link rel=\"canonical\" href=\"https:\/\/cit.upc.edu\/ca\/politica-de-privacitat\/\" \/>\n<meta property=\"og:locale\" content=\"ca_ES\" \/>\n<meta property=\"og:type\" content=\"article\" \/>\n<meta property=\"og:title\" content=\"CIT UPC - Pol\u00edtica de Privacitat\" \/>\n<meta property=\"og:description\" content=\"La confidencialitat i la seguretat s\u00f3n valors primordials de la&nbsp;Fundaci\u00f3 Centre d\u2019Innovaci\u00f3 i Tecnologia de la Universitat Polit\u00e8cnica de Catalunya&nbsp;&nbsp;(CIT UPC)&nbsp;i, en conseq\u00fc\u00e8ncia, assumim el comprom\u00eds [\u2026]\" \/>\n<meta property=\"og:url\" content=\"https:\/\/cit.upc.edu\/ca\/politica-de-privacitat\/\" \/>\n<meta property=\"og:site_name\" content=\"CIT UPC\" \/>\n<meta property=\"article:publisher\" content=\"https:\/\/www.facebook.com\/cit.upc\" \/>\n<meta property=\"article:modified_time\" content=\"2021-02-15T08:10:22+00:00\" \/>\n<meta name=\"twitter:card\" content=\"summary_large_image\" \/>\n<meta name=\"twitter:site\" content=\"@CIT_UPC\" \/>\n<meta name=\"twitter:label1\" content=\"Temps estimat de lectura\" \/>\n\t<meta name=\"twitter:data1\" content=\"9 minuts\" \/>\n<script type=\"application\/ld+json\" class=\"yoast-schema-graph\">{\"@context\":\"https:\\\/\\\/schema.org\",\"@graph\":[{\"@type\":\"WebPage\",\"@id\":\"https:\\\/\\\/cit.upc.edu\\\/ca\\\/politica-de-privacitat\\\/\",\"url\":\"https:\\\/\\\/cit.upc.edu\\\/ca\\\/politica-de-privacitat\\\/\",\"name\":\"CIT UPC - Pol\u00edtica de Privacitat\",\"isPartOf\":{\"@id\":\"https:\\\/\\\/cit.upc.edu\\\/es\\\/#website\"},\"datePublished\":\"2020-10-13T06:59:15+00:00\",\"dateModified\":\"2021-02-15T08:10:22+00:00\",\"breadcrumb\":{\"@id\":\"https:\\\/\\\/cit.upc.edu\\\/ca\\\/politica-de-privacitat\\\/#breadcrumb\"},\"inLanguage\":\"ca\",\"potentialAction\":[{\"@type\":\"ReadAction\",\"target\":[\"https:\\\/\\\/cit.upc.edu\\\/ca\\\/politica-de-privacitat\\\/\"]}]},{\"@type\":\"BreadcrumbList\",\"@id\":\"https:\\\/\\\/cit.upc.edu\\\/ca\\\/politica-de-privacitat\\\/#breadcrumb\",\"itemListElement\":[{\"@type\":\"ListItem\",\"position\":1,\"name\":\"Portada\",\"item\":\"https:\\\/\\\/cit.upc.edu\\\/es\\\/\"},{\"@type\":\"ListItem\",\"position\":2,\"name\":\"Pol\u00edtica de Privacitat\"}]},{\"@type\":\"WebSite\",\"@id\":\"https:\\\/\\\/cit.upc.edu\\\/es\\\/#website\",\"url\":\"https:\\\/\\\/cit.upc.edu\\\/es\\\/\",\"name\":\"CIT UPC\",\"description\":\"UPC Technology Center\",\"publisher\":{\"@id\":\"https:\\\/\\\/cit.upc.edu\\\/es\\\/#organization\"},\"potentialAction\":[{\"@type\":\"SearchAction\",\"target\":{\"@type\":\"EntryPoint\",\"urlTemplate\":\"https:\\\/\\\/cit.upc.edu\\\/es\\\/?s={search_term_string}\"},\"query-input\":{\"@type\":\"PropertyValueSpecification\",\"valueRequired\":true,\"valueName\":\"search_term_string\"}}],\"inLanguage\":\"ca\"},{\"@type\":\"Organization\",\"@id\":\"https:\\\/\\\/cit.upc.edu\\\/es\\\/#organization\",\"name\":\"CIT UPC - UPC Technology Center\",\"url\":\"https:\\\/\\\/cit.upc.edu\\\/es\\\/\",\"logo\":{\"@type\":\"ImageObject\",\"inLanguage\":\"ca\",\"@id\":\"https:\\\/\\\/cit.upc.edu\\\/es\\\/#\\\/schema\\\/logo\\\/image\\\/\",\"url\":\"https:\\\/\\\/cit.upc.edu\\\/wp-content\\\/uploads\\\/2020\\\/04\\\/cropped-logo_positiu_horitzontal_2020_espanol.png\",\"contentUrl\":\"https:\\\/\\\/cit.upc.edu\\\/wp-content\\\/uploads\\\/2020\\\/04\\\/cropped-logo_positiu_horitzontal_2020_espanol.png\",\"width\":512,\"height\":512,\"caption\":\"CIT UPC - UPC Technology Center\"},\"image\":{\"@id\":\"https:\\\/\\\/cit.upc.edu\\\/es\\\/#\\\/schema\\\/logo\\\/image\\\/\"},\"sameAs\":[\"https:\\\/\\\/www.facebook.com\\\/cit.upc\",\"https:\\\/\\\/x.com\\\/CIT_UPC\",\"https:\\\/\\\/www.youtube.com\\\/user\\\/CITUPC\",\"https:\\\/\\\/www.flickr.com\\\/photos\\\/181927091@N08\",\"https:\\\/\\\/www.linkedin.com\\\/company\\\/cit-upc\\\/\",\"https:\\\/\\\/www.instagram.com\\\/cit_upc\\\/\"]}]}<\/script>\n<!-- \/ Yoast SEO plugin. -->","yoast_head_json":{"title":"CIT UPC - Pol\u00edtica de Privacitat","robots":{"index":"index","follow":"follow","max-snippet":"max-snippet:-1","max-image-preview":"max-image-preview:large","max-video-preview":"max-video-preview:-1"},"canonical":"https:\/\/cit.upc.edu\/ca\/politica-de-privacitat\/","og_locale":"ca_ES","og_type":"article","og_title":"CIT UPC - Pol\u00edtica de Privacitat","og_description":"La confidencialitat i la seguretat s\u00f3n valors primordials de la&nbsp;Fundaci\u00f3 Centre d\u2019Innovaci\u00f3 i Tecnologia de la Universitat Polit\u00e8cnica de Catalunya&nbsp;&nbsp;(CIT UPC)&nbsp;i, en conseq\u00fc\u00e8ncia, assumim el comprom\u00eds [\u2026]","og_url":"https:\/\/cit.upc.edu\/ca\/politica-de-privacitat\/","og_site_name":"CIT UPC","article_publisher":"https:\/\/www.facebook.com\/cit.upc","article_modified_time":"2021-02-15T08:10:22+00:00","twitter_card":"summary_large_image","twitter_site":"@CIT_UPC","twitter_misc":{"Temps estimat de lectura":"9 minuts"},"schema":{"@context":"https:\/\/schema.org","@graph":[{"@type":"WebPage","@id":"https:\/\/cit.upc.edu\/ca\/politica-de-privacitat\/","url":"https:\/\/cit.upc.edu\/ca\/politica-de-privacitat\/","name":"CIT UPC - Pol\u00edtica de Privacitat","isPartOf":{"@id":"https:\/\/cit.upc.edu\/es\/#website"},"datePublished":"2020-10-13T06:59:15+00:00","dateModified":"2021-02-15T08:10:22+00:00","breadcrumb":{"@id":"https:\/\/cit.upc.edu\/ca\/politica-de-privacitat\/#breadcrumb"},"inLanguage":"ca","potentialAction":[{"@type":"ReadAction","target":["https:\/\/cit.upc.edu\/ca\/politica-de-privacitat\/"]}]},{"@type":"BreadcrumbList","@id":"https:\/\/cit.upc.edu\/ca\/politica-de-privacitat\/#breadcrumb","itemListElement":[{"@type":"ListItem","position":1,"name":"Portada","item":"https:\/\/cit.upc.edu\/es\/"},{"@type":"ListItem","position":2,"name":"Pol\u00edtica de Privacitat"}]},{"@type":"WebSite","@id":"https:\/\/cit.upc.edu\/es\/#website","url":"https:\/\/cit.upc.edu\/es\/","name":"CIT UPC","description":"UPC Technology Center","publisher":{"@id":"https:\/\/cit.upc.edu\/es\/#organization"},"potentialAction":[{"@type":"SearchAction","target":{"@type":"EntryPoint","urlTemplate":"https:\/\/cit.upc.edu\/es\/?s={search_term_string}"},"query-input":{"@type":"PropertyValueSpecification","valueRequired":true,"valueName":"search_term_string"}}],"inLanguage":"ca"},{"@type":"Organization","@id":"https:\/\/cit.upc.edu\/es\/#organization","name":"CIT UPC - UPC Technology Center","url":"https:\/\/cit.upc.edu\/es\/","logo":{"@type":"ImageObject","inLanguage":"ca","@id":"https:\/\/cit.upc.edu\/es\/#\/schema\/logo\/image\/","url":"https:\/\/cit.upc.edu\/wp-content\/uploads\/2020\/04\/cropped-logo_positiu_horitzontal_2020_espanol.png","contentUrl":"https:\/\/cit.upc.edu\/wp-content\/uploads\/2020\/04\/cropped-logo_positiu_horitzontal_2020_espanol.png","width":512,"height":512,"caption":"CIT UPC - UPC Technology Center"},"image":{"@id":"https:\/\/cit.upc.edu\/es\/#\/schema\/logo\/image\/"},"sameAs":["https:\/\/www.facebook.com\/cit.upc","https:\/\/x.com\/CIT_UPC","https:\/\/www.youtube.com\/user\/CITUPC","https:\/\/www.flickr.com\/photos\/181927091@N08","https:\/\/www.linkedin.com\/company\/cit-upc\/","https:\/\/www.instagram.com\/cit_upc\/"]}]}},"_links":{"self":[{"href":"https:\/\/cit.upc.edu\/ca\/wp-json\/wp\/v2\/pages\/7710","targetHints":{"allow":["GET"]}}],"collection":[{"href":"https:\/\/cit.upc.edu\/ca\/wp-json\/wp\/v2\/pages"}],"about":[{"href":"https:\/\/cit.upc.edu\/ca\/wp-json\/wp\/v2\/types\/page"}],"author":[{"embeddable":true,"href":"https:\/\/cit.upc.edu\/ca\/wp-json\/wp\/v2\/users\/5"}],"replies":[{"embeddable":true,"href":"https:\/\/cit.upc.edu\/ca\/wp-json\/wp\/v2\/comments?post=7710"}],"version-history":[{"count":4,"href":"https:\/\/cit.upc.edu\/ca\/wp-json\/wp\/v2\/pages\/7710\/revisions"}],"predecessor-version":[{"id":11182,"href":"https:\/\/cit.upc.edu\/ca\/wp-json\/wp\/v2\/pages\/7710\/revisions\/11182"}],"wp:attachment":[{"href":"https:\/\/cit.upc.edu\/ca\/wp-json\/wp\/v2\/media?parent=7710"}],"curies":[{"name":"wp","href":"https:\/\/api.w.org\/{rel}","templated":true}]}}