{"id":21041,"date":"2022-12-21T11:23:44","date_gmt":"2022-12-21T11:23:44","guid":{"rendered":"https:\/\/cit.upc.edu\/?post_type=portfolio&#038;p=21041"},"modified":"2023-07-18T06:37:26","modified_gmt":"2023-07-18T06:37:26","slug":"marlit-millorar-la-proteccio-el-seguiment-i-la-prevencio-enfront-de-riscos-de-tempestes-oceaniques-amb-un-alt-impacte-a-la-costa","status":"publish","type":"portfolio","link":"https:\/\/cit.upc.edu\/ca\/portfolio-item\/marlit-millorar-la-proteccio-el-seguiment-i-la-prevencio-enfront-de-riscos-de-tempestes-oceaniques-amb-un-alt-impacte-a-la-costa\/","title":{"rendered":"MARLIT: Millorar la protecci\u00f3, el seguiment i la prevenci\u00f3 enfront de riscos de tempestes oce\u00e0niques amb un alt impacte a la costa"},"content":{"rendered":"\n<p><\/p>\n\n\n\n<p>21\/12\/2022<br>Project Header<br>right<br>no-repeat;left top;;<br>auto<br>20px<br><br>La franja costanera sol estar altament poblada, per la qual cosa actualment moltes zones urbanes estan exposades als riscos associats a episodis mar\u00edtims extrems. Aquest \u00e9s el cas de la costa basca franc-espanyola i la costa catalana, que de manera cada vegada m\u00e9s habitual es veuen sotmeses a grans temporals. A m\u00e9s, aquesta exposici\u00f3 i els seus riscos associats tendeixen a ser majors sota els efectes de l\\&#8217;escalfament global, degut principalment a l\\&#8217;augment del nivell mitj\u00e0 de la mar i als fen\u00f2mens meteorol\u00f2gics extrems. En conseq\u00fc\u00e8ncia, la gesti\u00f3 del risc costaner \u00e9s avui dia un gran repte per a les costes i est\u00e0 associat a importants reptes econ\u00f2mics i de seguretat.\r<br>Millorar el coneixement i desenvolupar eines per comprendre els impactes de les tempestes actuals i futures en la costa (destrosses, inundacions, seguretat dels ciutadans) amb la finalitat de donar suport en la gesti\u00f3 del risc costaner per part de les administracions p\u00fabliques. Aquest \u00e9s l\\&#8217;objectiu del projecte MARLIT (per les sigles de Medios de evaluaci\u00f3n y Atenuaci\u00f3n de los Riesgos costeros Locales debidos a Impactos de los Temporales), en el qual participa el Laboratori d\\&#8217;Enginyeria Mar\u00edtima (LIM) de la Universitat Polit\u00e8cnica de Catalunya &#8211; BarcelonaTech (UPC).<br>Main Text<br>no-repeat;left top;;<br>auto<br><br>Resultats i impacte\r<br>En el marc del projecte s\\&#8217;han desenvolupat nous sistemes de vigil\u00e0ncia, com observacions topogr\u00e0fiques aut\u00f2nomes i noves eines videom\u00e8triques. Tamb\u00e9 s\\&#8217;ha dut a terme una modelitzaci\u00f3 d\\&#8217;\u00faltima generaci\u00f3 de la propagaci\u00f3 de l\\&#8217;onatge per poder controlar l\\&#8217;impacte de les tempestes amb l\\&#8217;objectiu de mitigar els seus efectes en el litoral.\r<br>MARLIT permetr\u00e0 capitalitzar els esdeveniments hist\u00f2rics de tempestes i, d\\&#8217;aquesta manera, donar suport a les accions de protecci\u00f3, seguiment i prevenci\u00f3 que es derivin de les pol\u00edtiques p\u00fabliques, i avaluar l\\&#8217;evoluci\u00f3 futura dels riscos costaners locals a conseq\u00fc\u00e8ncia del canvi clim\u00e0tic.\r<br>Coordinat pel centre tecnol\u00f2gic AZTI, del Pa\u00eds Basc, el projecte pret\u00e9n millorar els mecanismes de predicci\u00f3 de risc de temporals en la costa franc-espanyola i la costa catalana. El car\u00e0cter transfronterer del projecte aportar\u00e0 un valor afegit determinant per a la consecuci\u00f3 dels seus objectius, ja que permet reunir territoris amb problemes similars, situats alguns d\\&#8217;ells en el mateix espai costaner, i experts amb coneixements complementaris.\r<br>El projecte ha rebut el premi Atlantic Project de la Comissi\u00f3 Europea, en la categoria \\&#8217;Oceans Healthy and Resilient Coast\\&#8217;, durant la 9a Confer\u00e8ncia Anual de Stakeholders, celebrada al desembre de 2022 a Cadis.<br>Main Text<br>no-repeat;left top;;<br>auto<br><br>Pressupost i finan\u00e7ament\r<br>MARLIT ha estat cofinan\u00e7at al 65% pel Fons Europeu de Desenvolupament Regional (FEDER), a trav\u00e9s del Programa Interreg V-A Espanya-Fran\u00e7a-Andorra (POCTEFA 2014-2020), amb un pressupost total de 796.210,23 \u20ac. A m\u00e9s, compta amb la participaci\u00f3 de la Direcci\u00f3n de Atenci\u00f3n de Emergencias y Meteorolog\u00eda (DAEM) del Govern basc, l\u2019Institut Cartogr\u00e0fic i Geol\u00f2gic de Catalunya (ICGC), SUEZ EAU FRANCE Rivages Pro Tech, la Universit\u00e9 de Pau et des Pays de l\u2019Adour (UPPA) i la Communaut\u00e9 d\u2019Agglom\u00e9ration Pays Basque (APB). El per\u00edode d\\&#8217;execuci\u00f3 del projecte va comen\u00e7ar el gener de 2020 i va finalitzar el maig de 2022.<br>Main Text<br>no-repeat;left top;;<br>auto<br><br><br><img decoding=\"async\" src=\"https:\/\/cit.upc.edu\/wp-content\/uploads\/2023\/01\/marlit.jpg\" alt=\"marlit\" \/><br>full<br>center<br><br><br><h5>Tecnologia<\/h5>\r<br><a target=\"_blank\" target=\"_blank\" href=\"https:\/\/cit.upc.edu\/ca\/energia\/\">Energia<\/a><br>Tecnolog\u00eda<br>no-repeat;left top;;<br>auto<br>0px<br><br>25<br><br><h5>Sector<\/h5>\r<br><a target=\"_blank\" target=\"_blank\" href=\"https:\/\/cit.upc.edu\/ca\/alimentacio-agricultura-i-medi-mari\/\">Alimentaci\u00f3, agricultura i medi mar\u00ed<\/a><br>Sector<br>no-repeat;left top;;<br>auto<br>0px<br><br>25<br><br><h5>Tema<\/h5>\r<br><a target=\"_blank\" target=\"_blank\" href=\"\/ca\/economia-blava\/\">Economia blava<\/a><br>Sector<br>no-repeat;left top;;<br>auto<br>0px<br><br>25<br><br><h5>Vols saber m\u00e9s?<\/h5><br>Contact Button<br>no-repeat;left top;;<br>auto<br>0px<br><br><hr class=\"no_line\" style=\"margin: 0 auto 0px auto\"\/>\n\r<br><a class=\"button  button_size_2\" href=\"\"         title=\"\"><span class=\"button_label\">Button<\/span><\/a>\n\r<br>\r<br><hr class=\"no_line\" style=\"margin: 0 auto 0px auto\"\/>\n\r<br><a class=\"button  button_size_2\" href=\"\"         title=\"\"><span class=\"button_label\">Button<\/span><\/a>\n<br>no-repeat;left top;;<br>auto<br><br>50<br><br><h4>Projectes Relacionats<\/h4><br>Proyectos Relacionados<br>no-repeat;left top;;<br>auto<br><br>4<br>grid<br>4<br>tecnologias-de-la-energia-y-del-medio-ambiente-ca<br>date<br>DESC<br>21041<br><br><\/p>\n","protected":false},"excerpt":{"rendered":"<p>Millorar el coneixement i desenvolupar eines per comprendre els impactes de les tempestes actuals i futures en la costa (destrosses, inundacions, seguretat dels ciutadans) amb la finalitat de donar suport en la gesti\u00f3 del risc costaner per part de les administracions p\u00fabliques. Aquest \u00e9s l&#8217;objectiu del projecte MARLIT, en el qual participa el Laboratori d&#8217;Enginyeria Mar\u00edtima (LIM) de la Universitat Polit\u00e8cnica de Catalunya &#8211; BarcelonaTech (UPC).<\/p>\n","protected":false},"author":5,"featured_media":21037,"menu_order":0,"comment_status":"open","ping_status":"closed","template":"","meta":[],"portfolio-types":[380,188],"class_list":["post-21041","portfolio","type-portfolio","status-publish","has-post-thumbnail","hentry","portfolio-types-alimentacio-i-agricultura","portfolio-types-tecnologias-de-la-energia-y-del-medio-ambiente-ca"],"yoast_head":"<!-- This site is optimized with the Yoast SEO plugin v27.5 - https:\/\/yoast.com\/product\/yoast-seo-wordpress\/ -->\n<title>Protecci\u00f3, seguiment i prevenci\u00f3 enfront dels temporals - CIT UPC<\/title>\n<meta name=\"description\" content=\"Millorar el coneixement i desenvolupar eines per comprendre els impactes de les tempestes actuals i futures en la costa (destrosses, inundacions, seguretat dels ciutadans) amb la finalitat de donar suport en la gesti\u00f3 del risc costaner per part de les administracions p\u00fabliques. Aquest \u00e9s l&#039;objectiu del projecte MARLIT, en el qual participa el Laboratori d&#039;Enginyeria Mar\u00edtima (LIM) de la Universitat Polit\u00e8cnica de Catalunya - BarcelonaTech (UPC).\" \/>\n<meta name=\"robots\" content=\"index, follow, max-snippet:-1, max-image-preview:large, max-video-preview:-1\" \/>\n<link rel=\"canonical\" href=\"https:\/\/cit.upc.edu\/ca\/portfolio-item\/marlit-millorar-la-proteccio-el-seguiment-i-la-prevencio-enfront-de-riscos-de-tempestes-oceaniques-amb-un-alt-impacte-a-la-costa\/\" \/>\n<meta property=\"og:locale\" content=\"ca_ES\" \/>\n<meta property=\"og:type\" content=\"article\" \/>\n<meta property=\"og:title\" content=\"Protecci\u00f3, seguiment i prevenci\u00f3 enfront dels temporals - CIT UPC\" \/>\n<meta property=\"og:description\" content=\"Millorar el coneixement i desenvolupar eines per comprendre els impactes de les tempestes actuals i futures en la costa (destrosses, inundacions, seguretat dels ciutadans) amb la finalitat de donar suport en la gesti\u00f3 del risc costaner per part de les administracions p\u00fabliques. Aquest \u00e9s l&#039;objectiu del projecte MARLIT, en el qual participa el Laboratori d&#039;Enginyeria Mar\u00edtima (LIM) de la Universitat Polit\u00e8cnica de Catalunya - BarcelonaTech (UPC).\" \/>\n<meta property=\"og:url\" content=\"https:\/\/cit.upc.edu\/ca\/portfolio-item\/marlit-millorar-la-proteccio-el-seguiment-i-la-prevencio-enfront-de-riscos-de-tempestes-oceaniques-amb-un-alt-impacte-a-la-costa\/\" \/>\n<meta property=\"og:site_name\" content=\"CIT UPC\" \/>\n<meta property=\"article:publisher\" content=\"https:\/\/www.facebook.com\/cit.upc\" \/>\n<meta property=\"article:modified_time\" content=\"2023-07-18T06:37:26+00:00\" \/>\n<meta property=\"og:image\" content=\"https:\/\/cit.upc.edu\/wp-content\/uploads\/2023\/01\/marlit.jpg\" \/>\n\t<meta property=\"og:image:width\" content=\"512\" \/>\n\t<meta property=\"og:image:height\" content=\"343\" \/>\n\t<meta property=\"og:image:type\" content=\"image\/jpeg\" \/>\n<meta name=\"twitter:card\" content=\"summary_large_image\" \/>\n<meta name=\"twitter:site\" content=\"@CIT_UPC\" \/>\n<meta name=\"twitter:label1\" content=\"Temps estimat de lectura\" \/>\n\t<meta name=\"twitter:data1\" content=\"3 minuts\" \/>\n<script type=\"application\/ld+json\" class=\"yoast-schema-graph\">{\"@context\":\"https:\\\/\\\/schema.org\",\"@graph\":[{\"@type\":\"WebPage\",\"@id\":\"https:\\\/\\\/cit.upc.edu\\\/ca\\\/portfolio-item\\\/marlit-millorar-la-proteccio-el-seguiment-i-la-prevencio-enfront-de-riscos-de-tempestes-oceaniques-amb-un-alt-impacte-a-la-costa\\\/\",\"url\":\"https:\\\/\\\/cit.upc.edu\\\/ca\\\/portfolio-item\\\/marlit-millorar-la-proteccio-el-seguiment-i-la-prevencio-enfront-de-riscos-de-tempestes-oceaniques-amb-un-alt-impacte-a-la-costa\\\/\",\"name\":\"Protecci\u00f3, seguiment i prevenci\u00f3 enfront dels temporals - CIT UPC\",\"isPartOf\":{\"@id\":\"https:\\\/\\\/cit.upc.edu\\\/es\\\/#website\"},\"primaryImageOfPage\":{\"@id\":\"https:\\\/\\\/cit.upc.edu\\\/ca\\\/portfolio-item\\\/marlit-millorar-la-proteccio-el-seguiment-i-la-prevencio-enfront-de-riscos-de-tempestes-oceaniques-amb-un-alt-impacte-a-la-costa\\\/#primaryimage\"},\"image\":{\"@id\":\"https:\\\/\\\/cit.upc.edu\\\/ca\\\/portfolio-item\\\/marlit-millorar-la-proteccio-el-seguiment-i-la-prevencio-enfront-de-riscos-de-tempestes-oceaniques-amb-un-alt-impacte-a-la-costa\\\/#primaryimage\"},\"thumbnailUrl\":\"https:\\\/\\\/cit.upc.edu\\\/wp-content\\\/uploads\\\/2023\\\/01\\\/marlit.jpg\",\"datePublished\":\"2022-12-21T11:23:44+00:00\",\"dateModified\":\"2023-07-18T06:37:26+00:00\",\"description\":\"Millorar el coneixement i desenvolupar eines per comprendre els impactes de les tempestes actuals i futures en la costa (destrosses, inundacions, seguretat dels ciutadans) amb la finalitat de donar suport en la gesti\u00f3 del risc costaner per part de les administracions p\u00fabliques. Aquest \u00e9s l'objectiu del projecte MARLIT, en el qual participa el Laboratori d'Enginyeria Mar\u00edtima (LIM) de la Universitat Polit\u00e8cnica de Catalunya - BarcelonaTech (UPC).\",\"breadcrumb\":{\"@id\":\"https:\\\/\\\/cit.upc.edu\\\/ca\\\/portfolio-item\\\/marlit-millorar-la-proteccio-el-seguiment-i-la-prevencio-enfront-de-riscos-de-tempestes-oceaniques-amb-un-alt-impacte-a-la-costa\\\/#breadcrumb\"},\"inLanguage\":\"ca\",\"potentialAction\":[{\"@type\":\"ReadAction\",\"target\":[\"https:\\\/\\\/cit.upc.edu\\\/ca\\\/portfolio-item\\\/marlit-millorar-la-proteccio-el-seguiment-i-la-prevencio-enfront-de-riscos-de-tempestes-oceaniques-amb-un-alt-impacte-a-la-costa\\\/\"]}]},{\"@type\":\"ImageObject\",\"inLanguage\":\"ca\",\"@id\":\"https:\\\/\\\/cit.upc.edu\\\/ca\\\/portfolio-item\\\/marlit-millorar-la-proteccio-el-seguiment-i-la-prevencio-enfront-de-riscos-de-tempestes-oceaniques-amb-un-alt-impacte-a-la-costa\\\/#primaryimage\",\"url\":\"https:\\\/\\\/cit.upc.edu\\\/wp-content\\\/uploads\\\/2023\\\/01\\\/marlit.jpg\",\"contentUrl\":\"https:\\\/\\\/cit.upc.edu\\\/wp-content\\\/uploads\\\/2023\\\/01\\\/marlit.jpg\",\"width\":512,\"height\":343},{\"@type\":\"BreadcrumbList\",\"@id\":\"https:\\\/\\\/cit.upc.edu\\\/ca\\\/portfolio-item\\\/marlit-millorar-la-proteccio-el-seguiment-i-la-prevencio-enfront-de-riscos-de-tempestes-oceaniques-amb-un-alt-impacte-a-la-costa\\\/#breadcrumb\",\"itemListElement\":[{\"@type\":\"ListItem\",\"position\":1,\"name\":\"Portada\",\"item\":\"https:\\\/\\\/cit.upc.edu\\\/ca\\\/\"},{\"@type\":\"ListItem\",\"position\":2,\"name\":\"MARLIT: Millorar la protecci\u00f3, el seguiment i la prevenci\u00f3 enfront de riscos de tempestes oce\u00e0niques amb un alt impacte a la costa\"}]},{\"@type\":\"WebSite\",\"@id\":\"https:\\\/\\\/cit.upc.edu\\\/es\\\/#website\",\"url\":\"https:\\\/\\\/cit.upc.edu\\\/es\\\/\",\"name\":\"CIT UPC\",\"description\":\"UPC Technology Center\",\"publisher\":{\"@id\":\"https:\\\/\\\/cit.upc.edu\\\/es\\\/#organization\"},\"potentialAction\":[{\"@type\":\"SearchAction\",\"target\":{\"@type\":\"EntryPoint\",\"urlTemplate\":\"https:\\\/\\\/cit.upc.edu\\\/es\\\/?s={search_term_string}\"},\"query-input\":{\"@type\":\"PropertyValueSpecification\",\"valueRequired\":true,\"valueName\":\"search_term_string\"}}],\"inLanguage\":\"ca\"},{\"@type\":\"Organization\",\"@id\":\"https:\\\/\\\/cit.upc.edu\\\/es\\\/#organization\",\"name\":\"CIT UPC - UPC Technology Center\",\"url\":\"https:\\\/\\\/cit.upc.edu\\\/es\\\/\",\"logo\":{\"@type\":\"ImageObject\",\"inLanguage\":\"ca\",\"@id\":\"https:\\\/\\\/cit.upc.edu\\\/es\\\/#\\\/schema\\\/logo\\\/image\\\/\",\"url\":\"https:\\\/\\\/cit.upc.edu\\\/wp-content\\\/uploads\\\/2020\\\/04\\\/cropped-logo_positiu_horitzontal_2020_espanol.png\",\"contentUrl\":\"https:\\\/\\\/cit.upc.edu\\\/wp-content\\\/uploads\\\/2020\\\/04\\\/cropped-logo_positiu_horitzontal_2020_espanol.png\",\"width\":512,\"height\":512,\"caption\":\"CIT UPC - UPC Technology Center\"},\"image\":{\"@id\":\"https:\\\/\\\/cit.upc.edu\\\/es\\\/#\\\/schema\\\/logo\\\/image\\\/\"},\"sameAs\":[\"https:\\\/\\\/www.facebook.com\\\/cit.upc\",\"https:\\\/\\\/x.com\\\/CIT_UPC\",\"https:\\\/\\\/www.youtube.com\\\/user\\\/CITUPC\",\"https:\\\/\\\/www.flickr.com\\\/photos\\\/181927091@N08\",\"https:\\\/\\\/www.linkedin.com\\\/company\\\/cit-upc\\\/\",\"https:\\\/\\\/www.instagram.com\\\/cit_upc\\\/\"]}]}<\/script>\n<!-- \/ Yoast SEO plugin. -->","yoast_head_json":{"title":"Protecci\u00f3, seguiment i prevenci\u00f3 enfront dels temporals - CIT UPC","description":"Millorar el coneixement i desenvolupar eines per comprendre els impactes de les tempestes actuals i futures en la costa (destrosses, inundacions, seguretat dels ciutadans) amb la finalitat de donar suport en la gesti\u00f3 del risc costaner per part de les administracions p\u00fabliques. Aquest \u00e9s l'objectiu del projecte MARLIT, en el qual participa el Laboratori d'Enginyeria Mar\u00edtima (LIM) de la Universitat Polit\u00e8cnica de Catalunya - BarcelonaTech (UPC).","robots":{"index":"index","follow":"follow","max-snippet":"max-snippet:-1","max-image-preview":"max-image-preview:large","max-video-preview":"max-video-preview:-1"},"canonical":"https:\/\/cit.upc.edu\/ca\/portfolio-item\/marlit-millorar-la-proteccio-el-seguiment-i-la-prevencio-enfront-de-riscos-de-tempestes-oceaniques-amb-un-alt-impacte-a-la-costa\/","og_locale":"ca_ES","og_type":"article","og_title":"Protecci\u00f3, seguiment i prevenci\u00f3 enfront dels temporals - CIT UPC","og_description":"Millorar el coneixement i desenvolupar eines per comprendre els impactes de les tempestes actuals i futures en la costa (destrosses, inundacions, seguretat dels ciutadans) amb la finalitat de donar suport en la gesti\u00f3 del risc costaner per part de les administracions p\u00fabliques. Aquest \u00e9s l'objectiu del projecte MARLIT, en el qual participa el Laboratori d'Enginyeria Mar\u00edtima (LIM) de la Universitat Polit\u00e8cnica de Catalunya - BarcelonaTech (UPC).","og_url":"https:\/\/cit.upc.edu\/ca\/portfolio-item\/marlit-millorar-la-proteccio-el-seguiment-i-la-prevencio-enfront-de-riscos-de-tempestes-oceaniques-amb-un-alt-impacte-a-la-costa\/","og_site_name":"CIT UPC","article_publisher":"https:\/\/www.facebook.com\/cit.upc","article_modified_time":"2023-07-18T06:37:26+00:00","og_image":[{"width":512,"height":343,"url":"https:\/\/cit.upc.edu\/wp-content\/uploads\/2023\/01\/marlit.jpg","type":"image\/jpeg"}],"twitter_card":"summary_large_image","twitter_site":"@CIT_UPC","twitter_misc":{"Temps estimat de lectura":"3 minuts"},"schema":{"@context":"https:\/\/schema.org","@graph":[{"@type":"WebPage","@id":"https:\/\/cit.upc.edu\/ca\/portfolio-item\/marlit-millorar-la-proteccio-el-seguiment-i-la-prevencio-enfront-de-riscos-de-tempestes-oceaniques-amb-un-alt-impacte-a-la-costa\/","url":"https:\/\/cit.upc.edu\/ca\/portfolio-item\/marlit-millorar-la-proteccio-el-seguiment-i-la-prevencio-enfront-de-riscos-de-tempestes-oceaniques-amb-un-alt-impacte-a-la-costa\/","name":"Protecci\u00f3, seguiment i prevenci\u00f3 enfront dels temporals - CIT UPC","isPartOf":{"@id":"https:\/\/cit.upc.edu\/es\/#website"},"primaryImageOfPage":{"@id":"https:\/\/cit.upc.edu\/ca\/portfolio-item\/marlit-millorar-la-proteccio-el-seguiment-i-la-prevencio-enfront-de-riscos-de-tempestes-oceaniques-amb-un-alt-impacte-a-la-costa\/#primaryimage"},"image":{"@id":"https:\/\/cit.upc.edu\/ca\/portfolio-item\/marlit-millorar-la-proteccio-el-seguiment-i-la-prevencio-enfront-de-riscos-de-tempestes-oceaniques-amb-un-alt-impacte-a-la-costa\/#primaryimage"},"thumbnailUrl":"https:\/\/cit.upc.edu\/wp-content\/uploads\/2023\/01\/marlit.jpg","datePublished":"2022-12-21T11:23:44+00:00","dateModified":"2023-07-18T06:37:26+00:00","description":"Millorar el coneixement i desenvolupar eines per comprendre els impactes de les tempestes actuals i futures en la costa (destrosses, inundacions, seguretat dels ciutadans) amb la finalitat de donar suport en la gesti\u00f3 del risc costaner per part de les administracions p\u00fabliques. Aquest \u00e9s l'objectiu del projecte MARLIT, en el qual participa el Laboratori d'Enginyeria Mar\u00edtima (LIM) de la Universitat Polit\u00e8cnica de Catalunya - BarcelonaTech (UPC).","breadcrumb":{"@id":"https:\/\/cit.upc.edu\/ca\/portfolio-item\/marlit-millorar-la-proteccio-el-seguiment-i-la-prevencio-enfront-de-riscos-de-tempestes-oceaniques-amb-un-alt-impacte-a-la-costa\/#breadcrumb"},"inLanguage":"ca","potentialAction":[{"@type":"ReadAction","target":["https:\/\/cit.upc.edu\/ca\/portfolio-item\/marlit-millorar-la-proteccio-el-seguiment-i-la-prevencio-enfront-de-riscos-de-tempestes-oceaniques-amb-un-alt-impacte-a-la-costa\/"]}]},{"@type":"ImageObject","inLanguage":"ca","@id":"https:\/\/cit.upc.edu\/ca\/portfolio-item\/marlit-millorar-la-proteccio-el-seguiment-i-la-prevencio-enfront-de-riscos-de-tempestes-oceaniques-amb-un-alt-impacte-a-la-costa\/#primaryimage","url":"https:\/\/cit.upc.edu\/wp-content\/uploads\/2023\/01\/marlit.jpg","contentUrl":"https:\/\/cit.upc.edu\/wp-content\/uploads\/2023\/01\/marlit.jpg","width":512,"height":343},{"@type":"BreadcrumbList","@id":"https:\/\/cit.upc.edu\/ca\/portfolio-item\/marlit-millorar-la-proteccio-el-seguiment-i-la-prevencio-enfront-de-riscos-de-tempestes-oceaniques-amb-un-alt-impacte-a-la-costa\/#breadcrumb","itemListElement":[{"@type":"ListItem","position":1,"name":"Portada","item":"https:\/\/cit.upc.edu\/ca\/"},{"@type":"ListItem","position":2,"name":"MARLIT: Millorar la protecci\u00f3, el seguiment i la prevenci\u00f3 enfront de riscos de tempestes oce\u00e0niques amb un alt impacte a la costa"}]},{"@type":"WebSite","@id":"https:\/\/cit.upc.edu\/es\/#website","url":"https:\/\/cit.upc.edu\/es\/","name":"CIT UPC","description":"UPC Technology Center","publisher":{"@id":"https:\/\/cit.upc.edu\/es\/#organization"},"potentialAction":[{"@type":"SearchAction","target":{"@type":"EntryPoint","urlTemplate":"https:\/\/cit.upc.edu\/es\/?s={search_term_string}"},"query-input":{"@type":"PropertyValueSpecification","valueRequired":true,"valueName":"search_term_string"}}],"inLanguage":"ca"},{"@type":"Organization","@id":"https:\/\/cit.upc.edu\/es\/#organization","name":"CIT UPC - UPC Technology Center","url":"https:\/\/cit.upc.edu\/es\/","logo":{"@type":"ImageObject","inLanguage":"ca","@id":"https:\/\/cit.upc.edu\/es\/#\/schema\/logo\/image\/","url":"https:\/\/cit.upc.edu\/wp-content\/uploads\/2020\/04\/cropped-logo_positiu_horitzontal_2020_espanol.png","contentUrl":"https:\/\/cit.upc.edu\/wp-content\/uploads\/2020\/04\/cropped-logo_positiu_horitzontal_2020_espanol.png","width":512,"height":512,"caption":"CIT UPC - UPC Technology Center"},"image":{"@id":"https:\/\/cit.upc.edu\/es\/#\/schema\/logo\/image\/"},"sameAs":["https:\/\/www.facebook.com\/cit.upc","https:\/\/x.com\/CIT_UPC","https:\/\/www.youtube.com\/user\/CITUPC","https:\/\/www.flickr.com\/photos\/181927091@N08","https:\/\/www.linkedin.com\/company\/cit-upc\/","https:\/\/www.instagram.com\/cit_upc\/"]}]}},"_links":{"self":[{"href":"https:\/\/cit.upc.edu\/ca\/wp-json\/wp\/v2\/portfolio\/21041","targetHints":{"allow":["GET"]}}],"collection":[{"href":"https:\/\/cit.upc.edu\/ca\/wp-json\/wp\/v2\/portfolio"}],"about":[{"href":"https:\/\/cit.upc.edu\/ca\/wp-json\/wp\/v2\/types\/portfolio"}],"author":[{"embeddable":true,"href":"https:\/\/cit.upc.edu\/ca\/wp-json\/wp\/v2\/users\/5"}],"replies":[{"embeddable":true,"href":"https:\/\/cit.upc.edu\/ca\/wp-json\/wp\/v2\/comments?post=21041"}],"wp:featuredmedia":[{"embeddable":true,"href":"https:\/\/cit.upc.edu\/ca\/wp-json\/wp\/v2\/media\/21037"}],"wp:attachment":[{"href":"https:\/\/cit.upc.edu\/ca\/wp-json\/wp\/v2\/media?parent=21041"}],"wp:term":[{"taxonomy":"portfolio-types","embeddable":true,"href":"https:\/\/cit.upc.edu\/ca\/wp-json\/wp\/v2\/portfolio-types?post=21041"}],"curies":[{"name":"wp","href":"https:\/\/api.w.org\/{rel}","templated":true}]}}